{"id":17657,"date":"2022-03-14T17:09:17","date_gmt":"2022-03-15T00:09:17","guid":{"rendered":"https:\/\/centralialaw.com\/samuel-wilkens\/"},"modified":"2025-07-18T11:50:42","modified_gmt":"2025-07-18T18:50:42","slug":"samuel-wilkens","status":"publish","type":"page","link":"https:\/\/centralialaw.com\/es\/samuel-wilkens\/","title":{"rendered":"Samuel Wilkens"},"content":{"rendered":"<p>[et_pb_section fb_built=\u00bb1&#8243; _builder_version=\u00bb4.16&#8243; _module_preset=\u00bbdefault\u00bb custom_padding=\u00bb17px|||||\u00bb global_colors_info=\u00bb{}\u00bb][et_pb_row _builder_version=\u00bb4.16&#8243; _module_preset=\u00bbdefault\u00bb global_colors_info=\u00bb{}\u00bb][et_pb_column type=\u00bb4_4&#8243; _builder_version=\u00bb4.16&#8243; _module_preset=\u00bbdefault\u00bb global_colors_info=\u00bb{}\u00bb][et_pb_text _builder_version=\u00bb4.16&#8243; _module_preset=\u00bbdefault\u00bb global_colors_info=\u00bb{}\u00bb]<\/p>\n<h1>Samuel Wilkens<\/h1>\n<p>[\/et_pb_text][\/et_pb_column][\/et_pb_row][et_pb_row _builder_version=\u00bb4.27.4&#8243; _module_preset=\u00bbdefault\u00bb global_colors_info=\u00bb{}\u00bb][et_pb_column type=\u00bb4_4&#8243; _builder_version=\u00bb4.18.0&#8243; _module_preset=\u00bbdefault\u00bb global_colors_info=\u00bb{}\u00bb][et_pb_image src=\u00bb@ET-DC@eyJkeW5hbWljIjp0cnVlLCJjb250ZW50IjoicG9zdF9mZWF0dXJlZF9pbWFnZSIsInNldHRpbmdzIjp7fX0=@\u00bb title_text=\u00bbSamuel Wilkens\u00bb _builder_version=\u00bb4.27.4&#8243; _module_preset=\u00bbabd39826-c7aa-47af-8e97-18af4e71c4df\u00bb hover_enabled=\u00bb0&#8243; custom_css_main_element=\u00bbfloat: left;\u00bb global_colors_info=\u00bb{}\u00bb _dynamic_attributes=\u00bbsrc\u00bb sticky_enabled=\u00bb0&#8243;][\/et_pb_image][et_pb_text _builder_version=\u00bb4.27.4&#8243; _module_preset=\u00bbdefault\u00bb global_colors_info=\u00bb{}\u00bb]<\/p>\n<p><span>Samuel Wilkens se incorpor\u00f3 a Althauser Rayan Abbarno, LLP en 2019. Samuel se licenci\u00f3 en Kinesiolog\u00eda por la Universidad de Dakota del Sur en 2014 y se doctor\u00f3 en Derecho por la Facultad de Derecho de la Universidad de Dakota del Sur en 2018. <\/span><\/p>\n<p>Durante la carrera de Derecho fue presidente de la Red de Inter\u00e9s P\u00fablico con el objetivo de prestar servicios jur\u00eddicos a personas de bajos ingresos de la comunidad. Tambi\u00e9n particip\u00f3 en el Equipo de Juicios, donde viaj\u00f3 a la Facultad de Derecho de la Universidad de Stetson y compiti\u00f3 en la Competici\u00f3n Nacional de Juicios Previos. <\/p>\n<p>Samuel se une al socio Todd Rayan en la pr\u00e1ctica de Planificaci\u00f3n Patrimonial y Sucesiones. Samuel asiste a los clientes utilizando una serie de herramientas de planificaci\u00f3n, incluidos testamentos, fideicomisos, acuerdos de bienes gananciales, acuerdos de bienes separados, poderes, testamentos vitales, poderes m\u00e9dicos, poderes especiales\/limitados, fideicomisos testamentarios, fideicomisos vitales revocables, fideicomisos para necesidades especiales y fideicomisos de refugio crediticio. <\/p>\n<p>Antes de redactar nada, Samuel se sentar\u00e1 con nuestros clientes para realizar una revisi\u00f3n exhaustiva de sus bienes y elaborar un plan a largo plazo para la gesti\u00f3n y transferencia de activos. Todos nuestros abogados colaboran estrechamente con los clientes para determinar sus deseos y crear un plan dise\u00f1ado para cumplirlos. <\/p>\n<p>Samuel es miembro activo del Twin Cities Rotary Club, de los J\u00f3venes Profesionales del Condado de Lewis y de los J\u00f3venes Profesionales del Condado de Thurston.<\/p>\n<p>En su tiempo libre, le gusta jugar al golf, montar en bicicleta, leer y cocinar.<\/p>\n<p>Althauser Rayan Abbarno lleva representando a particulares y empresas de nuestra comunidad desde 1946. Nuestros siete abogados y diez asistentes jur\u00eddicos tienen experiencia en lesiones personales, indemnizaci\u00f3n por accidentes de trabajo, defensa penal, derecho de familia, planificaci\u00f3n patrimonial, sucesiones, asuntos empresariales\/corporativos y litigios sobre propiedades y contratos. <\/p>\n<p>Para una consulta en Centralia, llama al 360-736-1301 o visita CentraliaLaw.com<\/p>\n<p>[\/et_pb_text][\/et_pb_column][\/et_pb_row][\/et_pb_section]<\/p>\n","protected":false},"excerpt":{"rendered":"<p>Samuel WilkensSamuel Wilkens se incorpor\u00f3 a Althauser Rayan Abbarno, LLP en 2019. Samuel se licenci\u00f3 en Kinesiolog\u00eda por la Universidad de Dakota del Sur en 2014 y se doctor\u00f3 en Derecho por la Facultad de Derecho de la Universidad de Dakota del Sur en 2018. Durante la carrera de Derecho fue presidente de la Red [&hellip;]<\/p>\n","protected":false},"author":1,"featured_media":18089,"parent":0,"menu_order":0,"comment_status":"closed","ping_status":"closed","template":"","meta":{"_et_pb_use_builder":"on","_et_pb_old_content":"","_et_gb_content_width":"","footnotes":""},"class_list":["post-17657","page","type-page","status-publish","has-post-thumbnail","hentry"],"yoast_head":"<!-- This site is optimized with the Yoast SEO plugin v27.4 - https:\/\/yoast.com\/product\/yoast-seo-wordpress\/ -->\n<title>Samuel Wilkens - Ley Centralia<\/title>\n<meta name=\"robots\" content=\"index, follow, max-snippet:-1, max-image-preview:large, max-video-preview:-1\" \/>\n<link rel=\"canonical\" href=\"https:\/\/centralialaw.com\/es\/samuel-wilkens\/\" \/>\n<meta property=\"og:locale\" content=\"es_ES\" \/>\n<meta property=\"og:type\" content=\"article\" \/>\n<meta property=\"og:title\" content=\"Samuel Wilkens - Ley Centralia\" \/>\n<meta property=\"og:description\" content=\"Samuel WilkensSamuel Wilkens se incorpor\u00f3 a Althauser Rayan Abbarno, LLP en 2019. Samuel se licenci\u00f3 en Kinesiolog\u00eda por la Universidad de Dakota del Sur en 2014 y se doctor\u00f3 en Derecho por la Facultad de Derecho de la Universidad de Dakota del Sur en 2018. Durante la carrera de Derecho fue presidente de la Red [&hellip;]\" \/>\n<meta property=\"og:url\" content=\"https:\/\/centralialaw.com\/es\/samuel-wilkens\/\" \/>\n<meta property=\"og:site_name\" content=\"Ley Centralia\" \/>\n<meta property=\"article:publisher\" content=\"https:\/\/www.facebook.com\/AlthauserRayanAbbarno\/\" \/>\n<meta property=\"article:modified_time\" content=\"2025-07-18T18:50:42+00:00\" \/>\n<meta property=\"og:image\" content=\"https:\/\/centralialaw.com\/wp-content\/uploads\/2025\/07\/Samuel-wilkens-1.webp\" \/>\n\t<meta property=\"og:image:width\" content=\"750\" \/>\n\t<meta property=\"og:image:height\" content=\"1000\" \/>\n\t<meta property=\"og:image:type\" content=\"image\/webp\" \/>\n<meta name=\"twitter:card\" content=\"summary_large_image\" \/>\n<meta name=\"twitter:site\" content=\"@PeterAbbarno\" \/>\n<meta name=\"twitter:label1\" content=\"Est. reading time\" \/>\n\t<meta name=\"twitter:data1\" content=\"2 minutos\" \/>\n<script type=\"application\/ld+json\" class=\"yoast-schema-graph\">{\"@context\":\"https:\\\/\\\/schema.org\",\"@graph\":[{\"@type\":\"WebPage\",\"@id\":\"https:\\\/\\\/centralialaw.com\\\/es\\\/samuel-wilkens\\\/\",\"url\":\"https:\\\/\\\/centralialaw.com\\\/es\\\/samuel-wilkens\\\/\",\"name\":\"Samuel Wilkens - Ley Centralia\",\"isPartOf\":{\"@id\":\"https:\\\/\\\/centralialaw.com\\\/es\\\/#website\"},\"primaryImageOfPage\":{\"@id\":\"https:\\\/\\\/centralialaw.com\\\/es\\\/samuel-wilkens\\\/#primaryimage\"},\"image\":{\"@id\":\"https:\\\/\\\/centralialaw.com\\\/es\\\/samuel-wilkens\\\/#primaryimage\"},\"thumbnailUrl\":\"https:\\\/\\\/centralialaw.com\\\/wp-content\\\/uploads\\\/2025\\\/07\\\/Samuel-wilkens-1.webp\",\"datePublished\":\"2022-03-15T00:09:17+00:00\",\"dateModified\":\"2025-07-18T18:50:42+00:00\",\"breadcrumb\":{\"@id\":\"https:\\\/\\\/centralialaw.com\\\/es\\\/samuel-wilkens\\\/#breadcrumb\"},\"inLanguage\":\"es\",\"potentialAction\":[{\"@type\":\"ReadAction\",\"target\":[\"https:\\\/\\\/centralialaw.com\\\/es\\\/samuel-wilkens\\\/\"]}]},{\"@type\":\"ImageObject\",\"inLanguage\":\"es\",\"@id\":\"https:\\\/\\\/centralialaw.com\\\/es\\\/samuel-wilkens\\\/#primaryimage\",\"url\":\"https:\\\/\\\/centralialaw.com\\\/wp-content\\\/uploads\\\/2025\\\/07\\\/Samuel-wilkens-1.webp\",\"contentUrl\":\"https:\\\/\\\/centralialaw.com\\\/wp-content\\\/uploads\\\/2025\\\/07\\\/Samuel-wilkens-1.webp\",\"width\":750,\"height\":1000},{\"@type\":\"BreadcrumbList\",\"@id\":\"https:\\\/\\\/centralialaw.com\\\/es\\\/samuel-wilkens\\\/#breadcrumb\",\"itemListElement\":[{\"@type\":\"ListItem\",\"position\":1,\"name\":\"Inicio\",\"item\":\"https:\\\/\\\/centralialaw.com\\\/es\\\/\"},{\"@type\":\"ListItem\",\"position\":2,\"name\":\"Samuel Wilkens\"}]},{\"@type\":\"WebSite\",\"@id\":\"https:\\\/\\\/centralialaw.com\\\/es\\\/#website\",\"url\":\"https:\\\/\\\/centralialaw.com\\\/es\\\/\",\"name\":\"Centralia Law\",\"description\":\"Al servicio del estado de Washington desde hace m\u00e1s de 75 a\u00f1os - Althauser Rayan Abbarno \",\"publisher\":{\"@id\":\"https:\\\/\\\/centralialaw.com\\\/es\\\/#organization\"},\"potentialAction\":[{\"@type\":\"SearchAction\",\"target\":{\"@type\":\"EntryPoint\",\"urlTemplate\":\"https:\\\/\\\/centralialaw.com\\\/es\\\/?s={search_term_string}\"},\"query-input\":{\"@type\":\"PropertyValueSpecification\",\"valueRequired\":true,\"valueName\":\"search_term_string\"}}],\"inLanguage\":\"es\"},{\"@type\":\"Organization\",\"@id\":\"https:\\\/\\\/centralialaw.com\\\/es\\\/#organization\",\"name\":\"Ley Centralia\",\"url\":\"https:\\\/\\\/centralialaw.com\\\/es\\\/\",\"logo\":{\"@type\":\"ImageObject\",\"inLanguage\":\"es\",\"@id\":\"https:\\\/\\\/centralialaw.com\\\/es\\\/#\\\/schema\\\/logo\\\/image\\\/\",\"url\":\"https:\\\/\\\/centralialaw.com\\\/wp-content\\\/uploads\\\/2022\\\/05\\\/ARA-Logo.png\",\"contentUrl\":\"https:\\\/\\\/centralialaw.com\\\/wp-content\\\/uploads\\\/2022\\\/05\\\/ARA-Logo.png\",\"width\":1153,\"height\":364,\"caption\":\"Ley Centralia\"},\"image\":{\"@id\":\"https:\\\/\\\/centralialaw.com\\\/es\\\/#\\\/schema\\\/logo\\\/image\\\/\"},\"sameAs\":[\"https:\\\/\\\/www.facebook.com\\\/AlthauserRayanAbbarno\\\/\",\"https:\\\/\\\/x.com\\\/PeterAbbarno\"]}]}<\/script>\n<!-- \/ Yoast SEO plugin. -->","yoast_head_json":{"title":"Samuel Wilkens - Ley Centralia","robots":{"index":"index","follow":"follow","max-snippet":"max-snippet:-1","max-image-preview":"max-image-preview:large","max-video-preview":"max-video-preview:-1"},"canonical":"https:\/\/centralialaw.com\/es\/samuel-wilkens\/","og_locale":"es_ES","og_type":"article","og_title":"Samuel Wilkens - Ley Centralia","og_description":"Samuel WilkensSamuel Wilkens se incorpor\u00f3 a Althauser Rayan Abbarno, LLP en 2019. Samuel se licenci\u00f3 en Kinesiolog\u00eda por la Universidad de Dakota del Sur en 2014 y se doctor\u00f3 en Derecho por la Facultad de Derecho de la Universidad de Dakota del Sur en 2018. Durante la carrera de Derecho fue presidente de la Red [&hellip;]","og_url":"https:\/\/centralialaw.com\/es\/samuel-wilkens\/","og_site_name":"Ley Centralia","article_publisher":"https:\/\/www.facebook.com\/AlthauserRayanAbbarno\/","article_modified_time":"2025-07-18T18:50:42+00:00","og_image":[{"width":750,"height":1000,"url":"https:\/\/centralialaw.com\/wp-content\/uploads\/2025\/07\/Samuel-wilkens-1.webp","type":"image\/webp"}],"twitter_card":"summary_large_image","twitter_site":"@PeterAbbarno","twitter_misc":{"Est. reading time":"2 minutos"},"schema":{"@context":"https:\/\/schema.org","@graph":[{"@type":"WebPage","@id":"https:\/\/centralialaw.com\/es\/samuel-wilkens\/","url":"https:\/\/centralialaw.com\/es\/samuel-wilkens\/","name":"Samuel Wilkens - Ley Centralia","isPartOf":{"@id":"https:\/\/centralialaw.com\/es\/#website"},"primaryImageOfPage":{"@id":"https:\/\/centralialaw.com\/es\/samuel-wilkens\/#primaryimage"},"image":{"@id":"https:\/\/centralialaw.com\/es\/samuel-wilkens\/#primaryimage"},"thumbnailUrl":"https:\/\/centralialaw.com\/wp-content\/uploads\/2025\/07\/Samuel-wilkens-1.webp","datePublished":"2022-03-15T00:09:17+00:00","dateModified":"2025-07-18T18:50:42+00:00","breadcrumb":{"@id":"https:\/\/centralialaw.com\/es\/samuel-wilkens\/#breadcrumb"},"inLanguage":"es","potentialAction":[{"@type":"ReadAction","target":["https:\/\/centralialaw.com\/es\/samuel-wilkens\/"]}]},{"@type":"ImageObject","inLanguage":"es","@id":"https:\/\/centralialaw.com\/es\/samuel-wilkens\/#primaryimage","url":"https:\/\/centralialaw.com\/wp-content\/uploads\/2025\/07\/Samuel-wilkens-1.webp","contentUrl":"https:\/\/centralialaw.com\/wp-content\/uploads\/2025\/07\/Samuel-wilkens-1.webp","width":750,"height":1000},{"@type":"BreadcrumbList","@id":"https:\/\/centralialaw.com\/es\/samuel-wilkens\/#breadcrumb","itemListElement":[{"@type":"ListItem","position":1,"name":"Inicio","item":"https:\/\/centralialaw.com\/es\/"},{"@type":"ListItem","position":2,"name":"Samuel Wilkens"}]},{"@type":"WebSite","@id":"https:\/\/centralialaw.com\/es\/#website","url":"https:\/\/centralialaw.com\/es\/","name":"Centralia Law","description":"Al servicio del estado de Washington desde hace m\u00e1s de 75 a\u00f1os - Althauser Rayan Abbarno ","publisher":{"@id":"https:\/\/centralialaw.com\/es\/#organization"},"potentialAction":[{"@type":"SearchAction","target":{"@type":"EntryPoint","urlTemplate":"https:\/\/centralialaw.com\/es\/?s={search_term_string}"},"query-input":{"@type":"PropertyValueSpecification","valueRequired":true,"valueName":"search_term_string"}}],"inLanguage":"es"},{"@type":"Organization","@id":"https:\/\/centralialaw.com\/es\/#organization","name":"Ley Centralia","url":"https:\/\/centralialaw.com\/es\/","logo":{"@type":"ImageObject","inLanguage":"es","@id":"https:\/\/centralialaw.com\/es\/#\/schema\/logo\/image\/","url":"https:\/\/centralialaw.com\/wp-content\/uploads\/2022\/05\/ARA-Logo.png","contentUrl":"https:\/\/centralialaw.com\/wp-content\/uploads\/2022\/05\/ARA-Logo.png","width":1153,"height":364,"caption":"Ley Centralia"},"image":{"@id":"https:\/\/centralialaw.com\/es\/#\/schema\/logo\/image\/"},"sameAs":["https:\/\/www.facebook.com\/AlthauserRayanAbbarno\/","https:\/\/x.com\/PeterAbbarno"]}]}},"_links":{"self":[{"href":"https:\/\/centralialaw.com\/es\/wp-json\/wp\/v2\/pages\/17657","targetHints":{"allow":["GET"]}}],"collection":[{"href":"https:\/\/centralialaw.com\/es\/wp-json\/wp\/v2\/pages"}],"about":[{"href":"https:\/\/centralialaw.com\/es\/wp-json\/wp\/v2\/types\/page"}],"author":[{"embeddable":true,"href":"https:\/\/centralialaw.com\/es\/wp-json\/wp\/v2\/users\/1"}],"replies":[{"embeddable":true,"href":"https:\/\/centralialaw.com\/es\/wp-json\/wp\/v2\/comments?post=17657"}],"version-history":[{"count":0,"href":"https:\/\/centralialaw.com\/es\/wp-json\/wp\/v2\/pages\/17657\/revisions"}],"wp:featuredmedia":[{"embeddable":true,"href":"https:\/\/centralialaw.com\/es\/wp-json\/wp\/v2\/media\/18089"}],"wp:attachment":[{"href":"https:\/\/centralialaw.com\/es\/wp-json\/wp\/v2\/media?parent=17657"}],"curies":[{"name":"wp","href":"https:\/\/api.w.org\/{rel}","templated":true}]}}